{"id":1824,"date":"2018-06-11T16:33:48","date_gmt":"2018-06-11T15:33:48","guid":{"rendered":"http:\/\/www.compagniedumidi.fr\/?page_id=1824"},"modified":"2021-09-05T15:03:35","modified_gmt":"2021-09-05T14:03:35","slug":"elephant-man","status":"publish","type":"page","link":"https:\/\/www.compagniedumidi.fr\/?page_id=1824","title":{"rendered":"Elephant Man"},"content":{"rendered":"<h1><strong>d&rsquo;Antoine&nbsp;<\/strong><strong>Chalard<\/strong><\/h1>\n<p><iframe loading=\"lazy\" title=\"BA de ELEPHANT MAN. Th\u00e9\u00e2tre du Midi\" width=\"640\" height=\"360\" src=\"https:\/\/www.youtube.com\/embed\/JIf16Vc6Izc?feature=oembed\" frameborder=\"0\" allow=\"accelerometer; autoplay; clipboard-write; encrypted-media; gyroscope; picture-in-picture; web-share\" referrerpolicy=\"strict-origin-when-cross-origin\" allowfullscreen><\/iframe><\/p>\n<h1>&nbsp;<\/h1>\n\n\n<div class=\"wp-block-columns has-2-columns is-layout-flex wp-container-core-columns-is-layout-9d6595d7 wp-block-columns-is-layout-flex\">\n<div class=\"wp-block-column is-layout-flow wp-block-column-is-layout-flow\">\n<h2 class=\"wp-block-heading\"><strong>Style : <\/strong><\/h2>\n\n\n\n<p>Pi\u00e8ce de Th\u00e9\u00e2tre originale<\/p>\n\n\n\n<h2 class=\"wp-block-heading\"><strong>Histoire :<\/strong><\/h2>\n\n\n\n<p>Londres\n1884.L&rsquo;engouement de la population pour les Monstres, les \u00ab&nbsp;freaks&nbsp;\u00bb\nest \u00e0 son apog\u00e9e. Le plus c\u00e9l\u00e8bre d&rsquo;entre eux est sans doute\nJoseph Merrick, alias \u00ab&nbsp;Elephant Man&nbsp;\u00bb, exhib\u00e9 comme une\nb\u00eate dans les foires pour ses difformit\u00e9s incroyables. \n<\/p>\n\n\n\n<p>Sa\nrencontre avec le Docteur Treves, \u00e9minent professeur \u00e0 l&rsquo;universit\u00e9\nde m\u00e9decine, va lui redonner la force de vivre, bouleverser les\ncertitudes du Docteur, et changer le regard de toute la haute\nsoci\u00e9t\u00e9.<\/p>\n\n\n\n<p>A\nl&rsquo;encontre du film de David Lynch, ce spectacle \u00e9tonnamment positif\nest un hymne \u00e0 l&rsquo;amour et \u00e0 l&rsquo;amiti\u00e9 entre tous les \u00eatres, un\n\u00e9loge de la beaut\u00e9 de notre humanit\u00e9 dans toutes ses formes et\ntoutes ses diff\u00e9rences. \n<\/p>\n\n\n\n<p>Un\nspectacle qui nous raconte sous une forme nouvelle cette histoire\nhaletante, humaine, d\u00e9chirante et incroyablement belle.<\/p>\n\n\n\n<p>Spectacle soutenu par l&rsquo;Adami, la Spedidam, la mairie de Saint-Pierre de la R\u00e9union, le festival Komidi et la Mairie de Chelles.<\/p>\n\n\n\n<h2 class=\"wp-block-heading\"><strong>Extraits de presse :<\/strong><\/h2>\n\n\n\n<ul class=\"wp-block-list\"><li> \u00ab&nbsp;Ce spectacle va \u00e0 l&rsquo;essentiel et touche au but.&nbsp;\u00bb <strong>TELERAMA<\/strong><\/li><li> \u00ab&nbsp;Les acteurs r\u00e9ussissent \u00e0 nous \u00e9mouvoir simplement et avec tact. \u00bb&nbsp; <strong>LE CANARD ENCHAINE<\/strong><\/li><li> \u00ab&nbsp;Un v\u00e9ritable hymne \u00e0 la diff\u00e9rence.&nbsp;\u00bb<strong> FRANCE 3<\/strong><\/li><li> \u00ab&nbsp;Une vision tr\u00e8s tendre et tr\u00e8s pudique.&nbsp;\u00bb&nbsp;<strong>FRANCE BLEU<\/strong><\/li><li> \u00ab Un spectacle d&rsquo;une grande \u00e9motion, impressionnant d&rsquo;intensit\u00e9. \u00bb <strong>SCIENCES ET AVENIR<\/strong><\/li><li> \u00ab&nbsp;Un autre regard sur cet \u00eatre hors norme. \u00bb <strong>LA TERRASSE<\/strong><\/li><li> \u00ab&nbsp;Ce spectacle r\u00e9solument pudique nous interroge sur notre humanit\u00e9.&nbsp;\u00bb<strong>&nbsp;L\u2019EST REPUBLICAIN<\/strong><\/li><li> \u00ab Du tr\u00e8s beau spectacle qui impr\u00e8gne les esprits.&nbsp;\u00bb&nbsp;<strong>REVUE-SPECTACLES.COM<\/strong><\/li><li> \u00ab Un Elephant Man philosophe et dr\u00f4le, qui ne d\u00e9borde jamais dans le pathos.&nbsp;\u00bb&nbsp;<strong>BOITE A CULTURE<\/strong><\/li><li>  \u00ab&nbsp;Des com\u00e9diens \u00e9bouriffants, une sc\u00e9nographie de toute beaut\u00e9. Un spectacle humain qui touche en plein c\u0153ur.&nbsp;\u00bb <strong>L&rsquo;OEIL D&rsquo;OLIVIER &#8211; Marie-C\u00e9line Nivi\u00e8re<\/strong><\/li><li> \u00ab&nbsp;Une belle le\u00e7on de tol\u00e9rance.&nbsp;\u00bb<strong> LA GRANDE PARADE<\/strong><\/li><li> \u00ab&nbsp;Chaque mot, chaque geste est habit\u00e9 par l\u2019\u00e9motion.&nbsp;\u00bb&nbsp;<strong>ADHOC VERBIS.COM<\/strong><\/li><li> \u00ab&nbsp;Le masque de Galina Molotov est paradoxalement d&rsquo;une grande beaut\u00e9.&nbsp;\u00bb <strong>FROGGY&rsquo;S DELIGHT<\/strong><\/li><li> \u00ab&nbsp;Un tr\u00e8s beau spectacle, \u00e0 voir absolument !&nbsp;\u00bb <strong>55&nbsp;MAG<\/strong><\/li><li> \u00ab&nbsp;Florent Malburet nous crucifie sur place tant sa sensibilit\u00e9 \u00e0 fleur de peau nous \u00e9meut.&nbsp;\u00bb <strong>THEATRES.COM<\/strong><\/li><li> \u00ab&nbsp;Le texte est magnifique, les acteurs sont \u00e9poustouflants. Tr\u00e8s belle et \u00e9mouvante adaptation th\u00e9\u00e2trale de cette histoire authentique et bouleversante.&nbsp;\u00bb <strong>CRITIQUETHEATRECLAU.COM<\/strong><\/li><li>  \u00abEcriture magnifique, dialogues sompteux, on ressort de ce spectacle plein d&rsquo;espoir.&nbsp;\u00bb <strong>ID FM<\/strong><\/li><li>  \u00ab&nbsp;Un beau moment de th\u00e9\u00e2tre.&nbsp;\u00bb <strong>DE LA COUR AU JARDIN<\/strong><\/li><li>  \u00ab&nbsp;Poignant ! Une belle performance ! \u00bb <strong>PLACEMENT LIBRE.FR<\/strong><\/li><li>  \u00abUne histoire magnifique sur la tol\u00e9rance et l&rsquo;acceptation de la diff\u00e9rence.&nbsp;\u00bb <strong>FOU DE THEATRE<\/strong><\/li><li>  \u00ab&nbsp;Une vision onirique et profond\u00e9ment \u00e9mouvante de l&rsquo;histoire de Joseph Merrick.&nbsp;\u00bb <strong>BOOKS, TEA TIME ANS SWEET APPLE PIE<\/strong><\/li><li>  \u00ab&nbsp;Un spectacle qui iradie d&rsquo;humanit\u00e9. \u00bb <strong>THEATRE AU VENT<\/strong><\/li><li> \u00ab&nbsp;Voir en famille.&nbsp;\u00bb <strong>PLACEMINUTE.COM<\/strong> <\/li><\/ul>\n\n\n\n<h2 class=\"wp-block-heading\"><strong>Equipe :<\/strong><\/h2>\n\n\n\n<ul class=\"wp-block-list\"><li>Mise en sc\u00e8ne : Antoine Chalard<\/li><li>Avec : Cl\u00e9mentine Yelnik, Antoine Chalard et Florent Malburet<\/li><li>Costumes : Marie Vernhes<\/li><li>Masque : Galina Molotov&nbsp; <\/li><li>Cr\u00e9ation lumi\u00e8re : Judex Boyer et Fabrice Legros<\/li><li>Photos : Christian Delcambre, Brigitte Boitelle, Gilbert Vanbiervliet et Francis Mazurek<\/li><li>Affiche : Karim Brusseleers<\/li><\/ul>\n\n\n\n<h2 class=\"wp-block-heading\"><strong>Date de cr\u00e9ation :<\/strong><\/h2>\n\n\n\n<p>25 avril 2018<\/p>\n\n\n\n<h2 class=\"wp-block-heading\"><strong>Lieux de repr\u00e9sentations :<\/strong><\/h2>\n\n\n\n<ul class=\"wp-block-list\"><li>06 &#8211; Beaulieu : Cin\u00e9ma<\/li><li>38 &#8211; Les Adrets : Festival l&rsquo;Arpenteur<\/li><li>38 &#8211; Vizille : Jeu de Paume<\/li><li>42 &#8211; Saint-Etienne : Th\u00e9\u00e2tre de la Grille Verte<\/li><li>55 &#8211; Verdun : Grenier Th\u00e9\u00e2tre<\/li><li>59 &#8211; Templeuve : Petit Th\u00e9\u00e2tre\u00a0 \u00a0<\/li><li>75 &#8211; Paris : Th\u00e9\u00e2tre du Lucernaire<\/li><li>77 &#8211; Lognes : Salle du Citoyen<\/li><li>84 &#8211; Avignon : Th\u00e9\u00e2tre de l&rsquo;Aliz\u00e9\u00a0<\/li><li>84 &#8211; Avignon : La Fabrik \u00a0 \u00a0<\/li><li>93 &#8211; Epinay-sur-Seine : Maison du Th\u00e9\u00e2tre et de la Danse \u00a0 \u00a0 \u00a0 \u00a0 \u00a0 \u00a0 \u00a0 \u00a0 \u00a0 \u00a0 \u00a0 \u00a0 \u00a0 \u00a0 \u00a0 \u00a0 \u00a0 \u00a0 \u00a0 \u00a0 \u00a0 \u00a0 \u00a0 \u00a0 \u00a0 \u00a0 \u00a0 \u00a0 \u00a0 \u00a0 \u00a0 \u00a0 \u00a0 \u00a0 \u00a0 \u00a0 \u00a0 \u00a0 \u00a0 \u00a0 \u00a0 \u00a0 \u00a0 \u00a0 \u00a0 \u00a0 \u00a0 \u00a0 \u00a0 \u00a0 \u00a0 \u00a0 \u00a0 \u00a0 \u00a0<\/li><li>Ile de la R\u00e9union : Th\u00e9\u00e2tre Lucet Langenier \u00e0 Saint-Pierre, Th\u00e9\u00e2tre 211 \u00e0 Saint-Leu, Lespas \u00e0 Saint-Paul<\/li><\/ul>\n\n\n\n<p><\/p>\n<\/div>\n\n\n\n<div class=\"wp-block-column is-layout-flow wp-block-column-is-layout-flow\">\n<figure class=\"wp-block-image size-large\"><a href=\"https:\/\/www.compagniedumidi.fr\/wp-content\/uploads\/2021\/05\/affiche-avignon-21-A6-1.jpg\"><img decoding=\"async\" src=\"https:\/\/www.compagniedumidi.fr\/wp-content\/uploads\/2021\/05\/affiche-avignon-21-A6-1.jpg\" alt=\"\" class=\"wp-image-2185\" width=\"NaN\" height=\"NaN\" srcset=\"https:\/\/www.compagniedumidi.fr\/wp-content\/uploads\/2021\/05\/affiche-avignon-21-A6-1.jpg 413w, https:\/\/www.compagniedumidi.fr\/wp-content\/uploads\/2021\/05\/affiche-avignon-21-A6-1-212x300.jpg 212w\" sizes=\"(max-width: 413px) 100vw, 413px\" \/><\/a><\/figure>\n\n\n\n<figure class=\"wp-block-image\"><img decoding=\"async\" src=\"http:\/\/www.compagniedumidi.fr\/wp-content\/uploads\/2019\/09\/3-El\u00e9phant-Man-Gilbert-Vanbiervliet-1024x683.jpg\" alt=\"\" class=\"wp-image-2024\" height=\"NaN\" srcset=\"https:\/\/www.compagniedumidi.fr\/wp-content\/uploads\/2019\/09\/3-El\u00e9phant-Man-Gilbert-Vanbiervliet-1024x683.jpg 1024w, https:\/\/www.compagniedumidi.fr\/wp-content\/uploads\/2019\/09\/3-El\u00e9phant-Man-Gilbert-Vanbiervliet-300x200.jpg 300w, https:\/\/www.compagniedumidi.fr\/wp-content\/uploads\/2019\/09\/3-El\u00e9phant-Man-Gilbert-Vanbiervliet-768x512.jpg 768w\" sizes=\"(max-width: 1024px) 100vw, 1024px\" \/><\/figure>\n\n\n\n<figure class=\"wp-block-image\"><img decoding=\"async\" src=\"http:\/\/www.compagniedumidi.fr\/wp-content\/uploads\/2019\/09\/2-El\u00e9phant-Man-Brigitte-Boitelle-1024x683.jpg\" alt=\"\" class=\"wp-image-2023\" height=\"NaN\" srcset=\"https:\/\/www.compagniedumidi.fr\/wp-content\/uploads\/2019\/09\/2-El\u00e9phant-Man-Brigitte-Boitelle-1024x683.jpg 1024w, https:\/\/www.compagniedumidi.fr\/wp-content\/uploads\/2019\/09\/2-El\u00e9phant-Man-Brigitte-Boitelle-300x200.jpg 300w, https:\/\/www.compagniedumidi.fr\/wp-content\/uploads\/2019\/09\/2-El\u00e9phant-Man-Brigitte-Boitelle-768x512.jpg 768w\" sizes=\"(max-width: 1024px) 100vw, 1024px\" \/><\/figure>\n\n\n\n<figure class=\"wp-block-image\"><img decoding=\"async\" src=\"http:\/\/www.compagniedumidi.fr\/wp-content\/uploads\/2019\/09\/1-Elephant-Man-Gilbert-Vanbiervliet-1024x683.jpg\" alt=\"\" class=\"wp-image-2025\" height=\"NaN\" srcset=\"https:\/\/www.compagniedumidi.fr\/wp-content\/uploads\/2019\/09\/1-Elephant-Man-Gilbert-Vanbiervliet-1024x683.jpg 1024w, https:\/\/www.compagniedumidi.fr\/wp-content\/uploads\/2019\/09\/1-Elephant-Man-Gilbert-Vanbiervliet-300x200.jpg 300w, https:\/\/www.compagniedumidi.fr\/wp-content\/uploads\/2019\/09\/1-Elephant-Man-Gilbert-Vanbiervliet-768x512.jpg 768w\" sizes=\"(max-width: 1024px) 100vw, 1024px\" \/><\/figure>\n\n\n\n<figure class=\"wp-block-image\"><img decoding=\"async\" src=\"http:\/\/www.compagniedumidi.fr\/wp-content\/uploads\/2019\/09\/2-Elephant-Man-Gilbert-Vanbiervliet-1024x683.jpg\" alt=\"\" class=\"wp-image-2026\" height=\"NaN\" srcset=\"https:\/\/www.compagniedumidi.fr\/wp-content\/uploads\/2019\/09\/2-Elephant-Man-Gilbert-Vanbiervliet-1024x683.jpg 1024w, https:\/\/www.compagniedumidi.fr\/wp-content\/uploads\/2019\/09\/2-Elephant-Man-Gilbert-Vanbiervliet-300x200.jpg 300w, https:\/\/www.compagniedumidi.fr\/wp-content\/uploads\/2019\/09\/2-Elephant-Man-Gilbert-Vanbiervliet-768x512.jpg 768w\" sizes=\"(max-width: 1024px) 100vw, 1024px\" \/><\/figure>\n\n\n\n<figure class=\"wp-block-image\"><img decoding=\"async\" src=\"http:\/\/www.compagniedumidi.fr\/wp-content\/uploads\/2019\/09\/7-El\u00e9phant-Man-Gilbert-Vanbiervliet-1024x683.jpg\" alt=\"\" class=\"wp-image-2027\" height=\"NaN\" srcset=\"https:\/\/www.compagniedumidi.fr\/wp-content\/uploads\/2019\/09\/7-El\u00e9phant-Man-Gilbert-Vanbiervliet-1024x683.jpg 1024w, https:\/\/www.compagniedumidi.fr\/wp-content\/uploads\/2019\/09\/7-El\u00e9phant-Man-Gilbert-Vanbiervliet-300x200.jpg 300w, https:\/\/www.compagniedumidi.fr\/wp-content\/uploads\/2019\/09\/7-El\u00e9phant-Man-Gilbert-Vanbiervliet-768x512.jpg 768w\" sizes=\"(max-width: 1024px) 100vw, 1024px\" \/><\/figure>\n\n\n\n<figure class=\"wp-block-image\"><img decoding=\"async\" src=\"http:\/\/www.compagniedumidi.fr\/wp-content\/uploads\/2019\/01\/photo-27.jpg\" alt=\"\" class=\"wp-image-1982\" height=\"NaN\" srcset=\"https:\/\/www.compagniedumidi.fr\/wp-content\/uploads\/2019\/01\/photo-27.jpg 591w, https:\/\/www.compagniedumidi.fr\/wp-content\/uploads\/2019\/01\/photo-27-300x200.jpg 300w\" sizes=\"(max-width: 591px) 100vw, 591px\" \/><\/figure>\n\n\n\n<figure class=\"wp-block-image\"><img decoding=\"async\" src=\"http:\/\/www.compagniedumidi.fr\/wp-content\/uploads\/2018\/06\/photo-4.jpg\" alt=\"\" class=\"wp-image-1840\" height=\"NaN\" srcset=\"https:\/\/www.compagniedumidi.fr\/wp-content\/uploads\/2018\/06\/photo-4.jpg 591w, https:\/\/www.compagniedumidi.fr\/wp-content\/uploads\/2018\/06\/photo-4-300x201.jpg 300w\" sizes=\"(max-width: 591px) 100vw, 591px\" \/><\/figure>\n\n\n\n<figure class=\"wp-block-image\"><img decoding=\"async\" src=\"http:\/\/www.compagniedumidi.fr\/wp-content\/uploads\/2019\/09\/4-El\u00e9phant-Man-Francis-Mazurek-1024x683.jpg\" alt=\"\" class=\"wp-image-2033\" height=\"NaN\" srcset=\"https:\/\/www.compagniedumidi.fr\/wp-content\/uploads\/2019\/09\/4-El\u00e9phant-Man-Francis-Mazurek-1024x683.jpg 1024w, https:\/\/www.compagniedumidi.fr\/wp-content\/uploads\/2019\/09\/4-El\u00e9phant-Man-Francis-Mazurek-300x200.jpg 300w, https:\/\/www.compagniedumidi.fr\/wp-content\/uploads\/2019\/09\/4-El\u00e9phant-Man-Francis-Mazurek-768x512.jpg 768w\" sizes=\"(max-width: 1024px) 100vw, 1024px\" \/><\/figure>\n\n\n\n<figure class=\"wp-block-image\"><img decoding=\"async\" src=\"http:\/\/www.compagniedumidi.fr\/wp-content\/uploads\/2019\/09\/6-El\u00e9phant-Man-Brigitte-Boitelle-1024x680.jpg\" alt=\"\" class=\"wp-image-2032\" height=\"NaN\" srcset=\"https:\/\/www.compagniedumidi.fr\/wp-content\/uploads\/2019\/09\/6-El\u00e9phant-Man-Brigitte-Boitelle-1024x680.jpg 1024w, https:\/\/www.compagniedumidi.fr\/wp-content\/uploads\/2019\/09\/6-El\u00e9phant-Man-Brigitte-Boitelle-300x199.jpg 300w, https:\/\/www.compagniedumidi.fr\/wp-content\/uploads\/2019\/09\/6-El\u00e9phant-Man-Brigitte-Boitelle-768x510.jpg 768w\" sizes=\"(max-width: 1024px) 100vw, 1024px\" \/><\/figure>\n\n\n\n<figure class=\"wp-block-image\"><img decoding=\"async\" src=\"http:\/\/www.compagniedumidi.fr\/wp-content\/uploads\/2019\/09\/3-Elephant-Man-Francis-Mazurek-1024x681.jpg\" alt=\"\" class=\"wp-image-2029\" height=\"NaN\" srcset=\"https:\/\/www.compagniedumidi.fr\/wp-content\/uploads\/2019\/09\/3-Elephant-Man-Francis-Mazurek-1024x681.jpg 1024w, https:\/\/www.compagniedumidi.fr\/wp-content\/uploads\/2019\/09\/3-Elephant-Man-Francis-Mazurek-300x200.jpg 300w, https:\/\/www.compagniedumidi.fr\/wp-content\/uploads\/2019\/09\/3-Elephant-Man-Francis-Mazurek-768x511.jpg 768w\" sizes=\"(max-width: 1024px) 100vw, 1024px\" \/><\/figure>\n\n\n\n<figure class=\"wp-block-image\"><img decoding=\"async\" src=\"http:\/\/www.compagniedumidi.fr\/wp-content\/uploads\/2019\/09\/5-El\u00e9phant-Man-Francis-Mazurek-1-1024x681.jpg\" alt=\"\" class=\"wp-image-2030\" height=\"NaN\" srcset=\"https:\/\/www.compagniedumidi.fr\/wp-content\/uploads\/2019\/09\/5-El\u00e9phant-Man-Francis-Mazurek-1-1024x681.jpg 1024w, https:\/\/www.compagniedumidi.fr\/wp-content\/uploads\/2019\/09\/5-El\u00e9phant-Man-Francis-Mazurek-1-300x200.jpg 300w, https:\/\/www.compagniedumidi.fr\/wp-content\/uploads\/2019\/09\/5-El\u00e9phant-Man-Francis-Mazurek-1-768x511.jpg 768w\" sizes=\"(max-width: 1024px) 100vw, 1024px\" \/><\/figure>\n<\/div>\n<\/div>\n\n\n\n<h2 class=\"wp-block-heading\"><strong>T\u00e9l\u00e9charger <a href=\"https:\/\/www.compagniedumidi.fr\/wp-content\/uploads\/2021\/06\/ElephantMan-Plaket-Mail2.pdf\">le dossier d&rsquo;Elephant Man<\/a><\/strong><\/h2>\n\n\n\n<p><\/p>\n\n\n\n<h2 class=\"wp-block-heading\"><strong>T\u00e9l\u00e9charger <a href=\"https:\/\/www.compagniedumidi.fr\/wp-content\/uploads\/2020\/01\/Dossier-p\u00e9dagogique-1.pdf\">le dossier p\u00e9dagogique d&rsquo;Elephant Man<\/a><br><\/strong><\/h2>\n\n\n\n<h2 class=\"wp-block-heading\"><strong>T\u00e9l\u00e9charger <a href=\"https:\/\/www.compagniedumidi.fr\/wp-content\/uploads\/2020\/04\/ElephantMan-Fiche-technique-2020-1.pdf\">la fiche technique et le plan de feu d&rsquo;Elephant Man<\/a><\/strong><\/h2>\n\n\n\n<p><\/p>\n\n\n\n<h2 class=\"wp-block-heading\"><strong>T\u00e9l\u00e9charger <a href=\"https:\/\/www.compagniedumidi.fr\/wp-content\/uploads\/2021\/06\/ElephantMan-Tract-Mail_mail.pdf\">le tract d&rsquo;Elephant Man<\/a><\/strong><\/h2>\n\n\n<p><!--StartFragment--><\/p>\n<p><!--EndFragment--><\/p>\n<p><\/p>\n\n\n<p><\/p>\n","protected":false},"excerpt":{"rendered":"<p>d&rsquo;Antoine&nbsp;Chalard &nbsp; Style : Pi\u00e8ce de Th\u00e9\u00e2tre originale Histoire : Londres 1884.L&rsquo;engouement de la population pour les Monstres, les \u00ab&nbsp;freaks&nbsp;\u00bb est \u00e0 son apog\u00e9e. Le plus c\u00e9l\u00e8bre d&rsquo;entre eux est sans doute Joseph Merrick, alias \u00ab&nbsp;Elephant Man&nbsp;\u00bb, exhib\u00e9 comme une &hellip; <a href=\"https:\/\/www.compagniedumidi.fr\/?page_id=1824\">Continuer la lecture <span class=\"meta-nav\">&rarr;<\/span><\/a><\/p>\n","protected":false},"author":1,"featured_media":1825,"parent":53,"menu_order":1,"comment_status":"closed","ping_status":"closed","template":"","meta":{"footnotes":""},"class_list":["post-1824","page","type-page","status-publish","has-post-thumbnail","hentry"],"_links":{"self":[{"href":"https:\/\/www.compagniedumidi.fr\/index.php?rest_route=\/wp\/v2\/pages\/1824","targetHints":{"allow":["GET"]}}],"collection":[{"href":"https:\/\/www.compagniedumidi.fr\/index.php?rest_route=\/wp\/v2\/pages"}],"about":[{"href":"https:\/\/www.compagniedumidi.fr\/index.php?rest_route=\/wp\/v2\/types\/page"}],"author":[{"embeddable":true,"href":"https:\/\/www.compagniedumidi.fr\/index.php?rest_route=\/wp\/v2\/users\/1"}],"replies":[{"embeddable":true,"href":"https:\/\/www.compagniedumidi.fr\/index.php?rest_route=%2Fwp%2Fv2%2Fcomments&post=1824"}],"version-history":[{"count":69,"href":"https:\/\/www.compagniedumidi.fr\/index.php?rest_route=\/wp\/v2\/pages\/1824\/revisions"}],"predecessor-version":[{"id":2245,"href":"https:\/\/www.compagniedumidi.fr\/index.php?rest_route=\/wp\/v2\/pages\/1824\/revisions\/2245"}],"up":[{"embeddable":true,"href":"https:\/\/www.compagniedumidi.fr\/index.php?rest_route=\/wp\/v2\/pages\/53"}],"wp:featuredmedia":[{"embeddable":true,"href":"https:\/\/www.compagniedumidi.fr\/index.php?rest_route=\/wp\/v2\/media\/1825"}],"wp:attachment":[{"href":"https:\/\/www.compagniedumidi.fr\/index.php?rest_route=%2Fwp%2Fv2%2Fmedia&parent=1824"}],"curies":[{"name":"wp","href":"https:\/\/api.w.org\/{rel}","templated":true}]}}