{"id":734,"date":"2014-01-23T11:05:51","date_gmt":"2014-01-23T10:05:51","guid":{"rendered":"http:\/\/www.compagniedumidi.fr\/?page_id=734"},"modified":"2021-05-12T12:55:00","modified_gmt":"2021-05-12T11:55:00","slug":"le-tour-du-monde-en-80-jours","status":"publish","type":"page","link":"https:\/\/www.compagniedumidi.fr\/?page_id=734","title":{"rendered":"Le Tour du Monde en 80 jours"},"content":{"rendered":"<h1><strong><span style=\"text-decoration: underline;\">D&rsquo;apr\u00e8s Jules Verne<\/span><\/strong><\/h1>\n<p>https:\/\/www.youtube.com\/watch?v=I6e6tji0h4M<\/p>\n\n\n<div class=\"wp-block-columns has-2-columns is-layout-flex wp-container-core-columns-is-layout-9d6595d7 wp-block-columns-is-layout-flex\">\n<div class=\"wp-block-column is-layout-flow wp-block-column-is-layout-flow\">\n<h2 class=\"wp-block-heading\"><strong>Style : <\/strong><\/h2>\n\n\n\n<p>Th\u00e9\u00e2tre musical tout public \u00e0 partir de 5 ans<\/p>\n\n\n\n<h2 class=\"wp-block-heading\"><strong>Histoire :<\/strong><\/h2>\n\n\n\n<p>Fid\u00e8lement adapt\u00e9 du chef d\u2019\u0153uvre de Jules Verne, ce spectacle virevoltant, dr\u00f4le et p\u00e9tillant nous fait voyager dans l\u2019\u00c9gypte, l&rsquo;inde, la Chine et les \u00c9tats-Unis du 19e si\u00e8cle. Trains, bateaux, \u00e9l\u00e9phant et montgolfi\u00e8re transportent nos h\u00e9ros tout autour du globe.<\/p>\n\n\n\n<p>\u00ab\u00a0Riche de ses tourn\u00e9es au-del\u00e0 de nos fronti\u00e8res, la Cie du Midi nous offre un Tour du Monde tout en chansons, num\u00e9ros de cirque et cabaret, dont la bonne humeur, &nbsp;l&rsquo;inventivit\u00e9 et la beaut\u00e9 des images enchanteront toutes les g\u00e9n\u00e9rations\u00a0\u00bb. \u00ab\u00a0Une cie plut\u00f4t turbulente, sp\u00e9cialiste de la d\u00e9rision et de l&rsquo;humour mord avec modestie dans l&rsquo;univers des petits!\u00a0\u00bb &nbsp;TELERAMA<\/p>\n\n\n\n<h2 class=\"wp-block-heading\"><strong>Extraits de presse :<\/strong><\/h2>\n\n\n\n<ul class=\"wp-block-list\"><li>\u00ab\u00a0La Magie du th\u00e9\u00e2tre a r\u00e9duit ces quatre-vingts jours en seulement une heure, mais quelle heure ! La compagnie du Midi nous offre un bien beau voyage autour de la terre.\u00a0\u00bb <strong>Revue-spectacles<\/strong>&nbsp; &nbsp;<\/li><li>\u00ab\u00a0Un voyage plein d&rsquo;humour, de fantaisie et de musique en autant de tableaux qu&rsquo;il y a d&rsquo;\u00e9tapes, un d\u00e9licieux p\u00e9riple pour le jeune public qui se r\u00e9gale et qui en prend plein les yeux.\u00a0\u00bb <strong>Bigorre.org&nbsp;<\/strong><\/li><li>\u00ab\u00a0Ce chef d&rsquo;oeuvre de Jules Verne se d\u00e9cline en une joyeuse com\u00e9die musicale.\u00a0\u00bb&nbsp;<strong>L&rsquo;Orient le Jour&nbsp;&nbsp;&nbsp;<\/strong>&nbsp;&nbsp;&nbsp;<\/li><li>\u00ab\u00a0C&rsquo;est un voyage musical, un spectacle tout public&nbsp;!\u00a0\u00bb&nbsp;<strong>MTV Liban<\/strong><\/li><\/ul>\n\n\n\n<h2 class=\"wp-block-heading\"><strong>Equipe :<\/strong><\/h2>\n\n\n\n<ul class=\"wp-block-list\"><li>Adaptation : Yves Sauton et Antoine Chalard&nbsp;&nbsp;<\/li><li>Mise en sc\u00e8ne : Antoine Chalard<\/li><li>Cr\u00e9ation Musicale : Germain Derobert<\/li><li>Avec : Alexandra Nicola\u00efdis, Caroline Pallares, Antoine Chalard et Florent Malburet<\/li><li>Sc\u00e9nographie : Andr\u00e9 Chalard<\/li><li>Cr\u00e9ation lumi\u00e8re : Alexis Moreau<\/li><li>Photos : Xavier Cantat &nbsp; &nbsp; &nbsp;<\/li><li>Affiche : S\u00e9bastien Gravouil<\/li><\/ul>\n\n\n\n<h2 class=\"wp-block-heading\"><strong>Date de cr\u00e9ation :<\/strong><\/h2>\n\n\n\n<p>16 janvier 2014<\/p>\n\n\n\n<h2 class=\"wp-block-heading\"><strong>Lieux de repr\u00e9sentations :<\/strong><\/h2>\n\n\n\n<ul class=\"wp-block-list\"><li>13 &#8211; Marseille : Espace culturel Busserine &nbsp;<\/li><li>65 &#8211; Tarbes, Th\u00e9\u00e2tre des Nouveaut\u00e9s &nbsp; <\/li><li>77 &#8211; Chelles : Salle Albert Caillou<\/li><li>78 &#8211; Montigny-le-bretonneux : Espace Jacques Brel &nbsp; &nbsp; &nbsp; &nbsp; &nbsp; &nbsp; <\/li><li>78 &#8211; Saint-Nom-la-breteche : Espace JKM &nbsp; &nbsp; &nbsp; &nbsp; &nbsp; &nbsp; &nbsp; &nbsp; &nbsp; &nbsp; &nbsp; &nbsp;<\/li><li>84 &#8211; Avignon : Th\u00e9\u00e2tre du Rempart &nbsp;<\/li><li>91 &#8211; Brunoy : Th\u00e9\u00e2tre de la Vall\u00e9e d&rsquo;Yeres &nbsp; &nbsp; &nbsp;<\/li><li>93 &#8211; Joinville-le-pont : Le Lapin Vert &nbsp; &nbsp; &nbsp; &nbsp; <\/li><li> ILE DE LA REUNION : Festival Komidi \u00e0 Saint Joseph, Saint Pierre, Petite \u00eele et Saint Philippe &nbsp; &nbsp; &nbsp; &nbsp; &nbsp; &nbsp; &nbsp; &nbsp; &nbsp; &nbsp; &nbsp; &nbsp; &nbsp; &nbsp; &nbsp; &nbsp; &nbsp; &nbsp; &nbsp; &nbsp; &nbsp; &nbsp; &nbsp; &nbsp; &nbsp; &nbsp; &nbsp;<\/li><li>GUYANE : Cayenne, Th\u00e9\u00e2tre des 3 fleuves; Kourou, P\u00f4le culturel; Regina, salle municipale<\/li><\/ul>\n\n\n\n<ul class=\"wp-block-list\"><li>LIBAN &#8211; Beyrouth : Institut Fran\u00e7ais (Avant-premi\u00e8re)<\/li><\/ul>\n\n\n\n<h2 class=\"wp-block-heading\"><strong>T\u00e9l\u00e9charger le <a href=\"http:\/\/www.compagniedumidi.fr\/?page_id=1393\">dossier du Tour du Monde en 80 jours<\/a><\/strong><\/h2>\n\n\n\n<h2 class=\"wp-block-heading\"><strong>T\u00e9l\u00e9charger la&nbsp;<a href=\"http:\/\/www.compagniedumidi.fr\/wp-content\/uploads\/2014\/01\/Fiche-technique-du-Tour-du-Monde-en-80-jours.pdf\">Fiche technique du Tour du Monde en 80 jours<\/a><\/strong><\/h2>\n<\/div>\n\n\n\n<div class=\"wp-block-column is-layout-flow wp-block-column-is-layout-flow\">\n<figure class=\"wp-block-image\"><img decoding=\"async\" src=\"http:\/\/www.compagniedumidi.fr\/wp-content\/uploads\/2014\/01\/site.jpg\" alt=\"\" class=\"wp-image-1390\" height=\"NaN\" srcset=\"https:\/\/www.compagniedumidi.fr\/wp-content\/uploads\/2014\/01\/site.jpg 591w, https:\/\/www.compagniedumidi.fr\/wp-content\/uploads\/2014\/01\/site-213x300.jpg 213w\" sizes=\"(max-width: 591px) 100vw, 591px\" \/><\/figure>\n\n\n\n<figure class=\"wp-block-image\"><img decoding=\"async\" src=\"http:\/\/www.compagniedumidi.fr\/wp-content\/uploads\/2014\/01\/photo-12.jpg\" alt=\"\" class=\"wp-image-1435\" height=\"NaN\" srcset=\"https:\/\/www.compagniedumidi.fr\/wp-content\/uploads\/2014\/01\/photo-12.jpg 591w, https:\/\/www.compagniedumidi.fr\/wp-content\/uploads\/2014\/01\/photo-12-300x214.jpg 300w\" sizes=\"(max-width: 591px) 100vw, 591px\" \/><\/figure>\n\n\n\n<figure class=\"wp-block-image\"><img decoding=\"async\" src=\"http:\/\/www.compagniedumidi.fr\/wp-content\/uploads\/2014\/01\/photo-22.jpg\" alt=\"\" class=\"wp-image-1436\" height=\"NaN\" srcset=\"https:\/\/www.compagniedumidi.fr\/wp-content\/uploads\/2014\/01\/photo-22.jpg 472w, https:\/\/www.compagniedumidi.fr\/wp-content\/uploads\/2014\/01\/photo-22-248x300.jpg 248w\" sizes=\"(max-width: 472px) 100vw, 472px\" \/><\/figure>\n\n\n\n<figure class=\"wp-block-image\"><img decoding=\"async\" src=\"http:\/\/www.compagniedumidi.fr\/wp-content\/uploads\/2014\/01\/photo-52.jpg\" alt=\"\" class=\"wp-image-1437\" height=\"NaN\" srcset=\"https:\/\/www.compagniedumidi.fr\/wp-content\/uploads\/2014\/01\/photo-52.jpg 591w, https:\/\/www.compagniedumidi.fr\/wp-content\/uploads\/2014\/01\/photo-52-300x203.jpg 300w\" sizes=\"(max-width: 591px) 100vw, 591px\" \/><\/figure>\n\n\n\n<figure class=\"wp-block-image\"><img decoding=\"async\" src=\"http:\/\/www.compagniedumidi.fr\/wp-content\/uploads\/2014\/01\/photo-32.jpg\" alt=\"\" class=\"wp-image-1438\" height=\"NaN\" srcset=\"https:\/\/www.compagniedumidi.fr\/wp-content\/uploads\/2014\/01\/photo-32.jpg 591w, https:\/\/www.compagniedumidi.fr\/wp-content\/uploads\/2014\/01\/photo-32-300x261.jpg 300w\" sizes=\"(max-width: 591px) 100vw, 591px\" \/><\/figure>\n\n\n\n<figure class=\"wp-block-image\"><img decoding=\"async\" src=\"http:\/\/www.compagniedumidi.fr\/wp-content\/uploads\/2014\/01\/photo-42.jpg\" alt=\"\" class=\"wp-image-1439\" height=\"NaN\" srcset=\"https:\/\/www.compagniedumidi.fr\/wp-content\/uploads\/2014\/01\/photo-42.jpg 591w, https:\/\/www.compagniedumidi.fr\/wp-content\/uploads\/2014\/01\/photo-42-300x288.jpg 300w\" sizes=\"(max-width: 591px) 100vw, 591px\" \/><\/figure>\n\n\n\n<figure class=\"wp-block-image\"><img decoding=\"async\" src=\"http:\/\/www.compagniedumidi.fr\/wp-content\/uploads\/2014\/01\/photo-62.jpg\" alt=\"\" class=\"wp-image-1440\" height=\"NaN\" srcset=\"https:\/\/www.compagniedumidi.fr\/wp-content\/uploads\/2014\/01\/photo-62.jpg 591w, https:\/\/www.compagniedumidi.fr\/wp-content\/uploads\/2014\/01\/photo-62-300x188.jpg 300w\" sizes=\"(max-width: 591px) 100vw, 591px\" \/><\/figure>\n\n\n\n<figure class=\"wp-block-image\"><img decoding=\"async\" src=\"http:\/\/www.compagniedumidi.fr\/wp-content\/uploads\/2014\/01\/photo-71.jpg\" alt=\"\" class=\"wp-image-1441\" height=\"NaN\" srcset=\"https:\/\/www.compagniedumidi.fr\/wp-content\/uploads\/2014\/01\/photo-71.jpg 472w, https:\/\/www.compagniedumidi.fr\/wp-content\/uploads\/2014\/01\/photo-71-150x150.jpg 150w, https:\/\/www.compagniedumidi.fr\/wp-content\/uploads\/2014\/01\/photo-71-300x300.jpg 300w\" sizes=\"(max-width: 472px) 100vw, 472px\" \/><\/figure>\n\n\n\n<figure class=\"wp-block-image\"><img decoding=\"async\" src=\"http:\/\/www.compagniedumidi.fr\/wp-content\/uploads\/2014\/01\/photo-81.jpg\" alt=\"\" class=\"wp-image-1442\" height=\"NaN\" srcset=\"https:\/\/www.compagniedumidi.fr\/wp-content\/uploads\/2014\/01\/photo-81.jpg 591w, https:\/\/www.compagniedumidi.fr\/wp-content\/uploads\/2014\/01\/photo-81-300x190.jpg 300w\" sizes=\"(max-width: 591px) 100vw, 591px\" \/><\/figure>\n<\/div>\n<\/div>\n","protected":false},"excerpt":{"rendered":"<p>D&rsquo;apr\u00e8s Jules Verne https:\/\/www.youtube.com\/watch?v=I6e6tji0h4M Style : Th\u00e9\u00e2tre musical tout public \u00e0 partir de 5 ans Histoire : Fid\u00e8lement adapt\u00e9 du chef d\u2019\u0153uvre de Jules Verne, ce spectacle virevoltant, dr\u00f4le et p\u00e9tillant nous fait voyager dans l\u2019\u00c9gypte, l&rsquo;inde, la Chine et &hellip; <a href=\"https:\/\/www.compagniedumidi.fr\/?page_id=734\">Continuer la lecture <span class=\"meta-nav\">&rarr;<\/span><\/a><\/p>\n","protected":false},"author":1,"featured_media":1390,"parent":51,"menu_order":4,"comment_status":"closed","ping_status":"closed","template":"","meta":{"footnotes":""},"class_list":["post-734","page","type-page","status-publish","has-post-thumbnail","hentry"],"_links":{"self":[{"href":"https:\/\/www.compagniedumidi.fr\/index.php?rest_route=\/wp\/v2\/pages\/734","targetHints":{"allow":["GET"]}}],"collection":[{"href":"https:\/\/www.compagniedumidi.fr\/index.php?rest_route=\/wp\/v2\/pages"}],"about":[{"href":"https:\/\/www.compagniedumidi.fr\/index.php?rest_route=\/wp\/v2\/types\/page"}],"author":[{"embeddable":true,"href":"https:\/\/www.compagniedumidi.fr\/index.php?rest_route=\/wp\/v2\/users\/1"}],"replies":[{"embeddable":true,"href":"https:\/\/www.compagniedumidi.fr\/index.php?rest_route=%2Fwp%2Fv2%2Fcomments&post=734"}],"version-history":[{"count":100,"href":"https:\/\/www.compagniedumidi.fr\/index.php?rest_route=\/wp\/v2\/pages\/734\/revisions"}],"predecessor-version":[{"id":2165,"href":"https:\/\/www.compagniedumidi.fr\/index.php?rest_route=\/wp\/v2\/pages\/734\/revisions\/2165"}],"up":[{"embeddable":true,"href":"https:\/\/www.compagniedumidi.fr\/index.php?rest_route=\/wp\/v2\/pages\/51"}],"wp:featuredmedia":[{"embeddable":true,"href":"https:\/\/www.compagniedumidi.fr\/index.php?rest_route=\/wp\/v2\/media\/1390"}],"wp:attachment":[{"href":"https:\/\/www.compagniedumidi.fr\/index.php?rest_route=%2Fwp%2Fv2%2Fmedia&parent=734"}],"curies":[{"name":"wp","href":"https:\/\/api.w.org\/{rel}","templated":true}]}}